{"id":3,"date":"2023-07-17T13:04:10","date_gmt":"2023-07-17T13:04:10","guid":{"rendered":"https:\/\/kunerts.cz\/?page_id=3"},"modified":"2023-11-14T13:09:49","modified_gmt":"2023-11-14T13:09:49","slug":"zasady-ochrany-osobnich-udaju","status":"publish","type":"page","link":"https:\/\/kunerts.cz\/sk\/zasady-ochrany-osobnich-udaju\/","title":{"rendered":"Z\u00e1sady ochrany osobn\u00edch \u00fadaj\u016f"},"content":{"rendered":"<div data-elementor-type=\"wp-page\" data-elementor-id=\"3\" class=\"elementor elementor-3\" data-elementor-post-type=\"page\">\n\t\t\t\t\t\t<section class=\"elementor-section elementor-top-section elementor-element elementor-element-3539cd46 elementor-section-boxed elementor-section-height-default elementor-section-height-default\" data-id=\"3539cd46\" data-element_type=\"section\">\n\t\t\t\t\t\t<div class=\"elementor-container elementor-column-gap-default\">\n\t\t\t\t\t<div class=\"elementor-column elementor-col-100 elementor-top-column elementor-element elementor-element-260d622e\" data-id=\"260d622e\" data-element_type=\"column\">\n\t\t\t<div class=\"elementor-widget-wrap elementor-element-populated\">\n\t\t\t\t\t\t<div class=\"elementor-element elementor-element-168732cd elementor-widget elementor-widget-text-editor\" data-id=\"168732cd\" data-element_type=\"widget\" data-widget_type=\"text-editor.default\">\n\t\t\t\t<div class=\"elementor-widget-container\">\n\t\t\t<style>\/*! elementor - v3.21.0 - 24-04-2024 *\/\n.elementor-widget-text-editor.elementor-drop-cap-view-stacked .elementor-drop-cap{background-color:#69727d;color:#fff}.elementor-widget-text-editor.elementor-drop-cap-view-framed .elementor-drop-cap{color:#69727d;border:3px solid;background-color:transparent}.elementor-widget-text-editor:not(.elementor-drop-cap-view-default) .elementor-drop-cap{margin-top:8px}.elementor-widget-text-editor:not(.elementor-drop-cap-view-default) .elementor-drop-cap-letter{width:1em;height:1em}.elementor-widget-text-editor .elementor-drop-cap{float:left;text-align:center;line-height:1;font-size:50px}.elementor-widget-text-editor .elementor-drop-cap-letter{display:inline-block}<\/style>\t\t\t\t<p><!-- wp:heading --><\/p>\n<div>\n<div data-elementor-type=\"wp-page\" data-elementor-id=\"3\">\n<section data-id=\"19b2b62d\" data-element_type=\"section\">\n<div>\n<div data-id=\"3a038793\" data-element_type=\"column\">\n<div>\n<div data-id=\"400639b8\" data-element_type=\"widget\" data-widget_type=\"text-editor.default\">\n<div>\n<p><b>I. Z\u00e1kladn\u00ed ustanoven\u00ed<\/b><\/p>\n<p>\u00a0<\/p>\n<p>Spr\u00e1vcem osobn\u00edch \u00fadaj\u016f podle \u010dl. 4 bod 7 na\u0159\u00edzen\u00ed Evropsk\u00e9ho parlamentu a Rady (EU) 2016\/679 o ochran\u011b fyzick\u00fdch osob v souvislosti se zpracov\u00e1n\u00edm osobn\u00edch \u00fadaj\u016f a o voln\u00e9m pohybu t\u011bchto \u00fadaj\u016f (d\u00e1le jen: \u201eGDPR\u201d) je Samuel Kunert, I\u010cO:\u00a0<span style=\"background-color: #f3f6f6;\">142 99 275<\/span>, se s\u00eddlem Rudoleck\u00e9ho 858\/23, \u00a0Znojmo, \u010cesk\u00e1 republika (d\u00e1le jen: \u201espr\u00e1vce\u201c).<\/p>\n<p>\u00a0<\/p>\n<p>Osobn\u00edmi \u00fadaji se rozum\u00ed ve\u0161ker\u00e9 informace o identifikovan\u00e9 nebo identifikovateln\u00e9 fyzick\u00e9 osob\u011b. Spr\u00e1vce nejmenoval pov\u011b\u0159ence pro ochranu osobn\u00edch \u00fadaj\u016f.<\/p>\n<p>\u00a0<\/p>\n<p><b>II. Zdroje a kategorie zpracov\u00e1van\u00fdch osobn\u00edch \u00fadaj\u016f<\/b><\/p>\n<p>\u00a0<\/p>\n<p>Spr\u00e1vce zpracov\u00e1v\u00e1 osobn\u00ed \u00fadaje, kter\u00e9 jste mu poskytl\/a nebo osobn\u00ed \u00fadaje, kter\u00e9 spr\u00e1vce z\u00edskal na z\u00e1klad\u011b odesl\u00e1n\u00ed dotazn\u00edku na web\u00a0<a href=\"https:\/\/kunerts.cz\/sk\/\">https:\/\/kunerts.cz<\/a>. Spr\u00e1vce zpracov\u00e1v\u00e1 Va\u0161e identifika\u010dn\u00ed a kontaktn\u00ed \u00fadaje a \u00fadaje nezbytn\u00e9 pro pln\u011bn\u00ed smlouvy\u00a0<\/p>\n<p><b>III.\u00a0<\/b><b>M\u00e9dia Z\u00e1konn\u00fd d\u016fvod a \u00fa\u010del zpracov\u00e1n\u00ed osobn\u00edch \u00fadaj\u016f<\/b><\/p>\n<p>\u00a0<\/p>\n<p>Z\u00e1konn\u00fdm d\u016fvodem zpracov\u00e1n\u00ed osobn\u00edch \u00fadaj\u016f je pln\u011bn\u00ed smlouvy, opr\u00e1vn\u011bn\u00fd z\u00e1jem spr\u00e1vce na poskytov\u00e1n\u00ed p\u0159\u00edm\u00e9ho marketingu a V\u00e1\u0161 souhlas se zpracov\u00e1n\u00edm pro \u00fa\u010dely poskytov\u00e1n\u00ed p\u0159\u00edm\u00e9ho marketingu. \u00da\u010delem zpracov\u00e1n\u00ed osobn\u00edch \u00fadaj\u016f je vy\u0159\u00edzen\u00ed Va\u0161\u00ed objedn\u00e1vky a v\u00fdkon pr\u00e1v a povinnost\u00ed vypl\u00fdvaj\u00edc\u00edch ze smluvn\u00edho vztahu, zas\u00edl\u00e1n\u00ed obchodn\u00edch sd\u011blen\u00ed a \u010din\u011bn\u00ed dal\u0161\u00edch marketingov\u00fdch aktivit.<\/p>\n<p>\u00a0<\/p>\n<p><b>IV. Doba uchov\u00e1v\u00e1n\u00ed \u00fadaj\u016f<\/b><\/p>\n<p>\u00a0<\/p>\n<p>Spr\u00e1vce uchov\u00e1v\u00e1 osobn\u00ed \u00fadaje po dobu nezbytnou k v\u00fdkonu pr\u00e1v a povinnost\u00ed vypl\u00fdvaj\u00edc\u00edch ze smluvn\u00edho vztahu a po dobu, ne\u017e je odvol\u00e1n souhlas se zpracov\u00e1n\u00edm osobn\u00edch \u00fadaj\u016f pro \u00fa\u010dely marketingu.<\/p>\n<p>\u00a0<\/p>\n<p><b>V. P\u0159\u00edjemci osobn\u00edch \u00fadaj\u016f (subdodavatel\u00e9 spr\u00e1vce)<\/b><\/p>\n<p>\u00a0<\/p>\n<p>P\u0159\u00edjemci osobn\u00edch \u00fadaj\u016f jsou osoby zaji\u0161\u0165uj\u00edc\u00ed slu\u017eby provozov\u00e1n\u00ed webu, zaji\u0161\u0165uj\u00edc\u00ed marketingov\u00e9 slu\u017eby, a Google Analytics.<\/p>\n<p>\u00a0<\/p>\n<p><b>VI. Va\u0161e pr\u00e1va<\/b><\/p>\n<p>\u00a0<\/p>\n<p>M\u00e1te pr\u00e1vo na p\u0159\u00edstup ke sv\u00fdm osobn\u00edm \u00fadaj\u016fm, opravu osobn\u00edch \u00fadaj\u016f, v\u00fdmaz osobn\u00edch \u00fadaj\u016f, n\u00e1mitku proti zpracov\u00e1n\u00ed a p\u0159enositelnost \u00fadaj\u016f. D\u00e1le m\u00e1te pr\u00e1vo odvolat souhlas se zpracov\u00e1n\u00edm a podat st\u00ed\u017enost u \u00da\u0159adu pro ochranu osobn\u00edch \u00fadaj\u016f.<\/p>\n<p>\u00a0<\/p>\n<p><b>VII. Podm\u00ednky zabezpe\u010den\u00ed osobn\u00edch \u00fadaj\u016f<\/b><\/p>\n<p>\u00a0<\/p>\n<p>Spr\u00e1vce p\u0159ijal ve\u0161ker\u00e1 vhodn\u00e1 technick\u00e1 a organiza\u010dn\u00ed opat\u0159en\u00ed k zabezpe\u010den\u00ed osobn\u00edch \u00fadaj\u016f. Spr\u00e1vce p\u0159ijal technick\u00e1 opat\u0159en\u00ed k zabezpe\u010den\u00ed datov\u00fdch \u00falo\u017ei\u0161\u0165 a \u00falo\u017ei\u0161\u0165 osobn\u00edch \u00fadaj\u016f v listinn\u00e9 podob\u011b, zejm\u00e9na zabezpe\u010den\u00e9 p\u0159ipojen\u00ed certifika\u010dn\u00ed autoritou Let\u2019s Encrypt, \u017ee k osobn\u00edm \u00fadaj\u016fm maj\u00ed p\u0159\u00edstup pouze j\u00edm pov\u011b\u0159en\u00e9 osoby.<\/p>\n<p>\u00a0<\/p>\n<p><b>VIII. Z\u00e1v\u011bre\u010dn\u00e1 ustanoven\u00ed<\/b><\/p>\n<p>\u00a0<\/p>\n<p>Odesl\u00e1n\u00edm popt\u00e1vky z internetov\u00e9ho objedn\u00e1vkov\u00e9ho formul\u00e1\u0159e potvrzujete, \u017ee jste sezn\u00e1men\/a s podm\u00ednkami ochrany osobn\u00edch \u00fadaj\u016f a \u017ee je v cel\u00e9m rozsahu p\u0159ij\u00edm\u00e1te. S t\u011bmito podm\u00ednkami souhlas\u00edte za\u0161krtnut\u00edm souhlasu prost\u0159ednictv\u00edm internetov\u00e9ho formul\u00e1\u0159e. Za\u0161krtnut\u00edm souhlasu potvrzujete, \u017ee jste sezn\u00e1men\/a s podm\u00ednkami ochrany osobn\u00edch \u00fadaj\u016f a \u017ee je v cel\u00e9m rozsahu p\u0159ij\u00edm\u00e1te. Spr\u00e1vce je opr\u00e1vn\u011bn tyto podm\u00ednky zm\u011bnit. Novou verzi podm\u00ednek ochrany osobn\u00edch \u00fadaj\u016f zve\u0159ejn\u00ed na sv\u00fdch internetov\u00fdch str\u00e1nk\u00e1ch a z\u00e1rove\u0148 V\u00e1m za\u0161le novou verzi t\u011bchto podm\u00ednek Va\u0161i e-mailovou adresu, kterou jste spr\u00e1vci poskytl\/a.<\/p>\n<p>\u00a0<\/p>\n<p><b>M\u00e1te n\u011bjak\u00e9 dotazy?<\/b><\/p>\n<p>\u00a0<\/p>\n<p>Pokud m\u00e1te dotazy nebo n\u00e1vrhy ohledn\u011b ochrany osobn\u00edch \u00fadaj\u016f, m\u016f\u017eete n\u00e1s kontaktovat na n\u00e1sleduj\u00edc\u00ed adrese: <a href=\"mailto: samuel@kunerts.cz\">samuel@kunerts.cz<\/a><\/p>\n<p>\u00a0<\/p>\n<p>Ve Znojm\u011b dne 14.11.2023<\/p>\n<\/div>\n<\/div>\n<\/div>\n<\/div>\n<\/div>\n<\/section>\n<\/div>\n<\/div>\n<p><!-- \/wp:paragraph --><\/p>\t\t\t\t\t\t<\/div>\n\t\t\t\t<\/div>\n\t\t\t\t\t<\/div>\n\t\t<\/div>\n\t\t\t\t\t<\/div>\n\t\t<\/section>\n\t\t\t\t<\/div>","protected":false},"excerpt":{"rendered":"<p>I. Z\u00e1kladn\u00ed ustanoven\u00ed \u00a0 Spr\u00e1vcem osobn\u00edch \u00fadaj\u016f podle \u010dl. 4 bod 7 na\u0159\u00edzen\u00ed Evropsk\u00e9ho parlamentu a Rady (EU) 2016\/679 o ochran\u011b fyzick\u00fdch osob v souvislosti se zpracov\u00e1n\u00edm osobn\u00edch \u00fadaj\u016f a o voln\u00e9m pohybu t\u011bchto \u00fadaj\u016f (d\u00e1le jen: \u201eGDPR\u201d) je Samuel Kunert, I\u010cO:\u00a0142 99 275, se s\u00eddlem Rudoleck\u00e9ho 858\/23, \u00a0Znojmo, \u010cesk\u00e1 republika (d\u00e1le jen: \u201espr\u00e1vce\u201c). \u00a0 &hellip;<\/p>\n<p class=\"read-more\"> <a class=\"\" href=\"https:\/\/kunerts.cz\/sk\/zasady-ochrany-osobnich-udaju\/\"> <span class=\"screen-reader-text\">Z\u00e1sady ochrany osobn\u00edch \u00fadaj\u016f<\/span> \u010c\u00edtajte viac &raquo;<\/a><\/p>","protected":false},"author":1,"featured_media":0,"parent":0,"menu_order":0,"comment_status":"closed","ping_status":"open","template":"","meta":{"site-sidebar-layout":"default","site-content-layout":"","ast-site-content-layout":"default","site-content-style":"default","site-sidebar-style":"default","ast-global-header-display":"","ast-banner-title-visibility":"","ast-main-header-display":"","ast-hfb-above-header-display":"","ast-hfb-below-header-display":"","ast-hfb-mobile-header-display":"","site-post-title":"","ast-breadcrumbs-content":"","ast-featured-img":"","footer-sml-layout":"","theme-transparent-header-meta":"","adv-header-id-meta":"","stick-header-meta":"","header-above-stick-meta":"","header-main-stick-meta":"","header-below-stick-meta":"","astra-migrate-meta-layouts":"set","ast-page-background-enabled":"default","ast-page-background-meta":{"desktop":{"background-color":"","background-image":"","background-repeat":"repeat","background-position":"center center","background-size":"auto","background-attachment":"scroll","background-type":"","background-media":"","overlay-type":"","overlay-color":"","overlay-gradient":""},"tablet":{"background-color":"","background-image":"","background-repeat":"repeat","background-position":"center center","background-size":"auto","background-attachment":"scroll","background-type":"","background-media":"","overlay-type":"","overlay-color":"","overlay-gradient":""},"mobile":{"background-color":"","background-image":"","background-repeat":"repeat","background-position":"center center","background-size":"auto","background-attachment":"scroll","background-type":"","background-media":"","overlay-type":"","overlay-color":"","overlay-gradient":""}},"ast-content-background-meta":{"desktop":{"background-color":"var(--ast-global-color-5)","background-image":"","background-repeat":"repeat","background-position":"center center","background-size":"auto","background-attachment":"scroll","background-type":"","background-media":"","overlay-type":"","overlay-color":"","overlay-gradient":""},"tablet":{"background-color":"var(--ast-global-color-5)","background-image":"","background-repeat":"repeat","background-position":"center center","background-size":"auto","background-attachment":"scroll","background-type":"","background-media":"","overlay-type":"","overlay-color":"","overlay-gradient":""},"mobile":{"background-color":"var(--ast-global-color-5)","background-image":"","background-repeat":"repeat","background-position":"center center","background-size":"auto","background-attachment":"scroll","background-type":"","background-media":"","overlay-type":"","overlay-color":"","overlay-gradient":""}},"footnotes":""},"rttpg_featured_image_url":null,"rttpg_author":{"display_name":"admin","author_link":"https:\/\/kunerts.cz\/sk\/author\/admin\/"},"rttpg_comment":0,"rttpg_category":null,"rttpg_excerpt":"I. Z\u00e1kladn\u00ed ustanoven\u00ed \u00a0 Spr\u00e1vcem osobn\u00edch \u00fadaj\u016f podle \u010dl. 4 bod 7 na\u0159\u00edzen\u00ed Evropsk\u00e9ho parlamentu a Rady (EU) 2016\/679 o ochran\u011b fyzick\u00fdch osob v souvislosti se zpracov\u00e1n\u00edm osobn\u00edch \u00fadaj\u016f a o voln\u00e9m pohybu t\u011bchto \u00fadaj\u016f (d\u00e1le jen: \u201eGDPR\u201d) je Samuel Kunert, I\u010cO:\u00a0142 99 275, se s\u00eddlem Rudoleck\u00e9ho 858\/23, \u00a0Znojmo, \u010cesk\u00e1 republika (d\u00e1le jen: \u201espr\u00e1vce\u201c). \u00a0&hellip;","_links":{"self":[{"href":"https:\/\/kunerts.cz\/sk\/wp-json\/wp\/v2\/pages\/3"}],"collection":[{"href":"https:\/\/kunerts.cz\/sk\/wp-json\/wp\/v2\/pages"}],"about":[{"href":"https:\/\/kunerts.cz\/sk\/wp-json\/wp\/v2\/types\/page"}],"author":[{"embeddable":true,"href":"https:\/\/kunerts.cz\/sk\/wp-json\/wp\/v2\/users\/1"}],"replies":[{"embeddable":true,"href":"https:\/\/kunerts.cz\/sk\/wp-json\/wp\/v2\/comments?post=3"}],"version-history":[{"count":5,"href":"https:\/\/kunerts.cz\/sk\/wp-json\/wp\/v2\/pages\/3\/revisions"}],"predecessor-version":[{"id":1293,"href":"https:\/\/kunerts.cz\/sk\/wp-json\/wp\/v2\/pages\/3\/revisions\/1293"}],"wp:attachment":[{"href":"https:\/\/kunerts.cz\/sk\/wp-json\/wp\/v2\/media?parent=3"}],"curies":[{"name":"wp","href":"https:\/\/api.w.org\/{rel}","templated":true}]}}